{"id":2391,"date":"2022-02-10T21:25:17","date_gmt":"2022-02-10T20:25:17","guid":{"rendered":"https:\/\/eengoedereede.nl\/vorschriften\/"},"modified":"2022-06-27T12:45:39","modified_gmt":"2022-06-27T10:45:39","slug":"vorschriften","status":"publish","type":"page","link":"https:\/\/eengoedereede.nl\/de\/vorschriften\/","title":{"rendered":"Vorschriften"},"content":{"rendered":"\n<div class=\"wp-block-getwid-section alignfull alignfull\"><div class=\"wp-block-getwid-section__wrapper\"><div class=\"wp-block-getwid-section__inner-wrapper\"><div class=\"wp-block-getwid-section__background-holder\"><div class=\"wp-block-getwid-section__background\"><\/div><div class=\"wp-block-getwid-section__foreground\"><\/div><\/div><div class=\"wp-block-getwid-section__content\"><div class=\"wp-block-getwid-section__inner-content\">\n<h2 class=\"wp-block-heading\" id=\"de-volgende-huisregels-gelden-voor-en-tijdens-het-verblijf-bij-onze-b-b\">Die folgenden Regeln gelten vor und w\u00e4hrend des Aufenthaltes in unserem B&amp;B.<\/h2>\n\n\n\n<div style=\"height:16px\" aria-hidden=\"true\" class=\"wp-block-spacer\"><\/div>\n\n\n\n<p>Wir m\u00f6chten, dass Ihr Aufenthalt Ihren W\u00fcnschen entspricht. Dazu sollten Sie wissen, was Sie erwarten k\u00f6nnen. Wir bitten Sie darum, unsere <a href=\"https:\/\/eengoedereede.nl\/de\/hausordnung-bb-een-goede-reede\/\" data-type=\"page\" data-id=\"1751\"><strong><span style=\"text-decoration: underline;\">Hausordnung<\/span><\/strong><\/a> zu lesen.<strong> <\/strong>. Bei der Best\u00e4tigung unseres Angebotes\/Buchung unterschreiben Sie, dass Sie die <span style=\"text-decoration: underline;\"><a href=\"https:\/\/eengoedereede.nl\/de\/hausordnung-bb-een-goede-reede\/\"><strong>Hausordnung<\/strong><\/a><\/span> gelesen haben und sich mit ihr einverstanden erkl\u00e4ren. <\/p>\n\n\n\n<p><strong>Praktische Information<\/strong><\/p>\n\n\n\n<div class=\"wp-block-columns is-layout-flex wp-container-core-columns-is-layout-9d6595d7 wp-block-columns-is-layout-flex\">\n<div class=\"wp-block-column is-layout-flow wp-block-column-is-layout-flow\" style=\"flex-basis:60.9%\">\n<div class=\"wp-block-getwid-accordion has-icon-left\" data-active-element=\"none\">\n<div class=\"wp-block-getwid-accordion__header-wrapper\"><span class=\"wp-block-getwid-accordion__header\"><a href=\"#\"><span class=\"wp-block-getwid-accordion__header-title\">Was ist der Mindestaufenthalt in den Chalets?<\/span><span class=\"wp-block-getwid-accordion__icon is-active\"><i class=\"fas fa-plus\"><\/i><\/span><span class=\"wp-block-getwid-accordion__icon is-passive\"><i class=\"fas fa-minus\"><\/i><\/span><\/a><\/span><\/div><div class=\"wp-block-getwid-accordion__content-wrapper\"><div class=\"wp-block-getwid-accordion__content\">\n<p>Die Buchung der Chalets erfolgt f\u00fcr mindestens 2 N\u00e4chte.<\/p>\n<\/div><\/div>\n\n\n\n<div class=\"wp-block-getwid-accordion__header-wrapper\"><span class=\"wp-block-getwid-accordion__header\"><a href=\"#\"><span class=\"wp-block-getwid-accordion__header-title\">Ab wann kann ich einchecken?<\/span><span class=\"wp-block-getwid-accordion__icon is-active\"><i class=\"fas fa-plus\"><\/i><\/span><span class=\"wp-block-getwid-accordion__icon is-passive\"><i class=\"fas fa-minus\"><\/i><\/span><\/a><\/span><\/div><div class=\"wp-block-getwid-accordion__content-wrapper\"><div class=\"wp-block-getwid-accordion__content\">\n<p>Damit wir alles rechtzeitig f\u00fcr Sie vorbereiten k\u00f6nnen, ist der Check-in nach Absprache zwischen 16:00 und 20:00 Uhr m\u00f6glich. Der Check-Out muss vor 11:00 Uhr erfolgen.<\/p>\n<\/div><\/div>\n\n\n\n<div class=\"wp-block-getwid-accordion__header-wrapper\"><span class=\"wp-block-getwid-accordion__header\"><a href=\"#\"><span class=\"wp-block-getwid-accordion__header-title\">Darf in den Chalets geraucht werden?<\/span><span class=\"wp-block-getwid-accordion__icon is-active\"><i class=\"fas fa-plus\"><\/i><\/span><span class=\"wp-block-getwid-accordion__icon is-passive\"><i class=\"fas fa-minus\"><\/i><\/span><\/a><\/span><\/div><div class=\"wp-block-getwid-accordion__content-wrapper\"><div class=\"wp-block-getwid-accordion__content\">\n<p>Die Chalets selbst sind rauchfrei. Es ist jedoch gestattet, auf der Terrasse zu rauchen. <\/p>\n<\/div><\/div>\n\n\n\n<div class=\"wp-block-getwid-accordion__header-wrapper\"><span class=\"wp-block-getwid-accordion__header\"><a href=\"#\"><span class=\"wp-block-getwid-accordion__header-title\">Wie viele Personen k\u00f6nnen in einem Chalet schlafen?<\/span><span class=\"wp-block-getwid-accordion__icon is-active\"><i class=\"fas fa-plus\"><\/i><\/span><span class=\"wp-block-getwid-accordion__icon is-passive\"><i class=\"fas fa-minus\"><\/i><\/span><\/a><\/span><\/div><div class=\"wp-block-getwid-accordion__content-wrapper\"><div class=\"wp-block-getwid-accordion__content\">\n<p>Die Chalets sind f\u00fcr zwei Personen pro Chalet geeignet. Aufgrund von Treppenstufen ist unser B&amp;B leider nicht barrierefrei. Unsere Chalets sind nicht f\u00fcr Kleinkinder und Babys geeignet. Damit m\u00f6chten wir den Komfort und die Ruhe, die unsere G\u00e4ste suchen, garantieren.<\/p>\n<\/div><\/div>\n\n\n\n<div class=\"wp-block-getwid-accordion__header-wrapper\"><span class=\"wp-block-getwid-accordion__header\"><a href=\"#\"><span class=\"wp-block-getwid-accordion__header-title\">Wie kann ich bezahlen?\u00a0<\/span><span class=\"wp-block-getwid-accordion__icon is-active\"><i class=\"fas fa-plus\"><\/i><\/span><span class=\"wp-block-getwid-accordion__icon is-passive\"><i class=\"fas fa-minus\"><\/i><\/span><\/a><\/span><\/div><div class=\"wp-block-getwid-accordion__content-wrapper\"><div class=\"wp-block-getwid-accordion__content\">\n<p>Nach dem Buchen der gew\u00fcnschten Aufenthaltszeit auf der Website erhalten Sie eine E-Mail zur Best\u00e4tigung Ihrer Anfrage mit Rechnung. Bitte begleichen Sie die Rechnung innerhalb von 14 Tagen. Auch Last-Minute-Buchungen m\u00fcssen im Voraus bezahlt werden).<\/p>\n\n\n\n<p>Die \u00dcberweisung erfolgt auf das Konto:<\/p>\n\n\n\n<p>IBAN: NL54RABO 0357470079 \/ BIC: RABONL2U,.Name: B&amp;B Een Goede Reede unter Angabe Ihrer Buchungsnummer.<\/p>\n\n\n\n<p>Buchen Sie f\u00fcr eine andere Person ein Chalet? Kein Problem! Sie sind dann f\u00fcr die Buchung und die Bezahlung verantwortlich.<\/p>\n<\/div><\/div>\n\n\n\n<div class=\"wp-block-getwid-accordion__header-wrapper\"><span class=\"wp-block-getwid-accordion__header\"><a href=\"#\"><span class=\"wp-block-getwid-accordion__header-title\">Bis wann kann ich meine Buchung stornieren?\u00a0<\/span><span class=\"wp-block-getwid-accordion__icon is-active\"><i class=\"fas fa-plus\"><\/i><\/span><span class=\"wp-block-getwid-accordion__icon is-passive\"><i class=\"fas fa-minus\"><\/i><\/span><\/a><\/span><\/div><div class=\"wp-block-getwid-accordion__content-wrapper\"><div class=\"wp-block-getwid-accordion__content\">\n<p>Sollten Sie die vereinbarte Buchung unverhofft nicht nutzen k\u00f6nnen, gelten bez\u00fcglich der Buchungskosten folgende Bestimmungen:<\/p>\n\n\n\n<ul class=\"wp-block-list\"><li>Bei Stornierung bis zu 21 Tage vor der Ankunft erstatten wir den Gesamtbetrag zur\u00fcck.<ul><li>Bei Stornierung zwischen 14 und 21 Tagen vor der geplanten Ankunft sind Sie zur Zahlung von 50% des Gesamtbetrages verpflichtet.<\/li><\/ul><\/li><\/ul>\n\n\n\n<p>Eine Erstattung ist dann nicht mehr m\u00f6glich, da eine so kurzfristige Neuvermietung der Unterkunft sehr schwierig ist.<\/p>\n<\/div><\/div>\n\n\n\n<div class=\"wp-block-getwid-accordion__header-wrapper\"><span class=\"wp-block-getwid-accordion__header\"><a href=\"#\"><span class=\"wp-block-getwid-accordion__header-title\">Gibt es Parkm\u00f6glichkeiten bei den Chalets?\u00a0<\/span><span class=\"wp-block-getwid-accordion__icon is-active\"><i class=\"fas fa-plus\"><\/i><\/span><span class=\"wp-block-getwid-accordion__icon is-passive\"><i class=\"fas fa-minus\"><\/i><\/span><\/a><\/span><\/div><div class=\"wp-block-getwid-accordion__content-wrapper\"><div class=\"wp-block-getwid-accordion__content\">\n<p>F\u00fcr jedes Chalet steht ein Parkplatz zur Verf\u00fcgung. Aus praktischen Gr\u00fcnden ist es leider nicht m\u00f6glich, Ihr Fahrzeug und\/oder Gep\u00e4ck vor der Check-in-Zeit zu uns zu bringen.<\/p>\n<\/div><\/div>\n\n\n\n<div class=\"wp-block-getwid-accordion__header-wrapper\"><span class=\"wp-block-getwid-accordion__header\"><a href=\"#\"><span class=\"wp-block-getwid-accordion__header-title\">Sind Hunde in den Chalets willkommen?<\/span><span class=\"wp-block-getwid-accordion__icon is-active\"><i class=\"fas fa-plus\"><\/i><\/span><span class=\"wp-block-getwid-accordion__icon is-passive\"><i class=\"fas fa-minus\"><\/i><\/span><\/a><\/span><\/div><div class=\"wp-block-getwid-accordion__content-wrapper\"><div class=\"wp-block-getwid-accordion__content\">\n<p>Hunde sind in den Chalets leider nicht gestattet. Dies liegt daran, dass wir selbst Hunde auf unserem Grundst\u00fcck halten<\/p>\n<\/div><\/div>\n<\/div>\n\n\n\n<p>Wir bem\u00fchen uns darum, den Aufenthalt unserer G\u00e4ste so angenehm wie m\u00f6glich zu gestalten. Sollte w\u00e4hrend Ihres Aufenthaltes etwas nicht nach Ihren W\u00fcnschen sein, sagen Sie uns bitte direkt Bescheid. Vielleicht k\u00f6nnen wir Ihr Problem sofort l\u00f6sen.<br><\/p>\n<\/div>\n\n\n\n<div class=\"wp-block-column is-layout-flow wp-block-column-is-layout-flow\">\n<div class=\"wp-block-getwid-images-stack is-layout-zeta\"><div class=\"wp-block-getwid-images-stack__wrapper\"><div class=\"wp-block-getwid-images-stack__chunk\"><div class=\"wp-block-getwid-images-stack__media-wrapper\"><div class=\"wp-block-getwid-images-stack__media-inner-wrapper\"><img loading=\"lazy\" decoding=\"async\" width=\"2560\" height=\"1707\" class=\"wp-block-getwid-images-stack__media wp-image-1558\" src=\"http:\/\/websiteopzet.nl\/eengoedereede\/wp-content\/uploads\/2022\/01\/DSC_0589-2-1-scaled.jpg\" data-id=\"1558\" data-link=\"http:\/\/websiteopzet.nl\/eengoedereede\/dsc_0589-2-3\/\" srcset=\"https:\/\/eengoedereede.nl\/wp-content\/uploads\/2022\/01\/DSC_0589-2-1-scaled.jpg 2560w, https:\/\/eengoedereede.nl\/wp-content\/uploads\/2022\/01\/DSC_0589-2-1-scaled-600x400.jpg 600w, https:\/\/eengoedereede.nl\/wp-content\/uploads\/2022\/01\/DSC_0589-2-1-300x200.jpg 300w, https:\/\/eengoedereede.nl\/wp-content\/uploads\/2022\/01\/DSC_0589-2-1-1024x683.jpg 1024w, https:\/\/eengoedereede.nl\/wp-content\/uploads\/2022\/01\/DSC_0589-2-1-768x512.jpg 768w, https:\/\/eengoedereede.nl\/wp-content\/uploads\/2022\/01\/DSC_0589-2-1-1536x1024.jpg 1536w, https:\/\/eengoedereede.nl\/wp-content\/uploads\/2022\/01\/DSC_0589-2-1-2048x1365.jpg 2048w, https:\/\/eengoedereede.nl\/wp-content\/uploads\/2022\/01\/DSC_0589-2-1-1170x780.jpg 1170w\" sizes=\"auto, (max-width: 2560px) 100vw, 2560px\" \/><\/div><\/div><div class=\"wp-block-getwid-images-stack__media-wrapper\"><div class=\"wp-block-getwid-images-stack__media-inner-wrapper\"><img loading=\"lazy\" decoding=\"async\" width=\"2560\" height=\"1707\" class=\"wp-block-getwid-images-stack__media wp-image-1500\" src=\"http:\/\/websiteopzet.nl\/eengoedereede\/wp-content\/uploads\/2021\/11\/DSC_0578-2-scaled.jpg\" data-id=\"1500\" data-link=\"http:\/\/websiteopzet.nl\/eengoedereede\/accommodation\/tweepersoons-chalet-b\/dsc_0578-2\/\" srcset=\"https:\/\/eengoedereede.nl\/wp-content\/uploads\/2021\/11\/DSC_0578-2-scaled.jpg 2560w, https:\/\/eengoedereede.nl\/wp-content\/uploads\/2021\/11\/DSC_0578-2-scaled-600x400.jpg 600w, https:\/\/eengoedereede.nl\/wp-content\/uploads\/2021\/11\/DSC_0578-2-300x200.jpg 300w, https:\/\/eengoedereede.nl\/wp-content\/uploads\/2021\/11\/DSC_0578-2-1024x683.jpg 1024w, https:\/\/eengoedereede.nl\/wp-content\/uploads\/2021\/11\/DSC_0578-2-768x512.jpg 768w, https:\/\/eengoedereede.nl\/wp-content\/uploads\/2021\/11\/DSC_0578-2-1536x1024.jpg 1536w, https:\/\/eengoedereede.nl\/wp-content\/uploads\/2021\/11\/DSC_0578-2-2048x1365.jpg 2048w, https:\/\/eengoedereede.nl\/wp-content\/uploads\/2021\/11\/DSC_0578-2-1170x780.jpg 1170w\" sizes=\"auto, (max-width: 2560px) 100vw, 2560px\" \/><\/div><\/div><div class=\"wp-block-getwid-images-stack__media-wrapper\"><div class=\"wp-block-getwid-images-stack__media-inner-wrapper\"><img loading=\"lazy\" decoding=\"async\" width=\"2560\" height=\"1707\" class=\"wp-block-getwid-images-stack__media wp-image-1568\" src=\"http:\/\/websiteopzet.nl\/eengoedereede\/wp-content\/uploads\/2022\/01\/DSC_0492-2-scaled.jpg\" data-id=\"1568\" data-link=\"http:\/\/websiteopzet.nl\/eengoedereede\/dsc_0492-2-3\/\" srcset=\"https:\/\/eengoedereede.nl\/wp-content\/uploads\/2022\/01\/DSC_0492-2-scaled.jpg 2560w, https:\/\/eengoedereede.nl\/wp-content\/uploads\/2022\/01\/DSC_0492-2-scaled-600x400.jpg 600w, https:\/\/eengoedereede.nl\/wp-content\/uploads\/2022\/01\/DSC_0492-2-300x200.jpg 300w, https:\/\/eengoedereede.nl\/wp-content\/uploads\/2022\/01\/DSC_0492-2-1024x683.jpg 1024w, https:\/\/eengoedereede.nl\/wp-content\/uploads\/2022\/01\/DSC_0492-2-768x512.jpg 768w, https:\/\/eengoedereede.nl\/wp-content\/uploads\/2022\/01\/DSC_0492-2-1536x1024.jpg 1536w, https:\/\/eengoedereede.nl\/wp-content\/uploads\/2022\/01\/DSC_0492-2-2048x1365.jpg 2048w, https:\/\/eengoedereede.nl\/wp-content\/uploads\/2022\/01\/DSC_0492-2-1170x780.jpg 1170w\" sizes=\"auto, (max-width: 2560px) 100vw, 2560px\" \/><\/div><\/div><\/div><\/div><\/div>\n<\/div>\n<\/div>\n<\/div><\/div><\/div><\/div><\/div>\n\n\n\n<div class=\"wp-block-columns is-layout-flex wp-container-core-columns-is-layout-9d6595d7 wp-block-columns-is-layout-flex\">\n<div class=\"wp-block-column is-layout-flow wp-block-column-is-layout-flow\" style=\"flex-basis:64.1%\"><\/div>\n\n\n\n<div class=\"wp-block-column is-layout-flow wp-block-column-is-layout-flow\" style=\"flex-basis:33.33%\"><\/div>\n<\/div>\n\n\n\n<p><\/p>\n","protected":false},"excerpt":{"rendered":"<p>Hier lesen Sie einige Punkte, die w\u00e4hrend des Aufenthaltes in unseren Chalets gelten. Falls Sie weitere Fragen haben, k\u00f6nnen Sie gerne Kontakt zu uns aufnehmen. Wir w\u00fcnschen Ihnen einen wunderbaren Aufenthalt!<\/p>\n","protected":false},"author":1,"featured_media":2296,"parent":0,"menu_order":0,"comment_status":"closed","ping_status":"closed","template":"","meta":{"footnotes":""},"class_list":["post-2391","page","type-page","status-publish","has-post-thumbnail","hentry"],"jetpack_sharing_enabled":true,"_links":{"self":[{"href":"https:\/\/eengoedereede.nl\/de\/wp-json\/wp\/v2\/pages\/2391","targetHints":{"allow":["GET"]}}],"collection":[{"href":"https:\/\/eengoedereede.nl\/de\/wp-json\/wp\/v2\/pages"}],"about":[{"href":"https:\/\/eengoedereede.nl\/de\/wp-json\/wp\/v2\/types\/page"}],"author":[{"embeddable":true,"href":"https:\/\/eengoedereede.nl\/de\/wp-json\/wp\/v2\/users\/1"}],"replies":[{"embeddable":true,"href":"https:\/\/eengoedereede.nl\/de\/wp-json\/wp\/v2\/comments?post=2391"}],"version-history":[{"count":18,"href":"https:\/\/eengoedereede.nl\/de\/wp-json\/wp\/v2\/pages\/2391\/revisions"}],"predecessor-version":[{"id":2475,"href":"https:\/\/eengoedereede.nl\/de\/wp-json\/wp\/v2\/pages\/2391\/revisions\/2475"}],"wp:featuredmedia":[{"embeddable":true,"href":"https:\/\/eengoedereede.nl\/de\/wp-json\/wp\/v2\/media\/2296"}],"wp:attachment":[{"href":"https:\/\/eengoedereede.nl\/de\/wp-json\/wp\/v2\/media?parent=2391"}],"curies":[{"name":"wp","href":"https:\/\/api.w.org\/{rel}","templated":true}]}}